{"id":34947,"date":"2025-09-10T22:16:37","date_gmt":"2025-09-10T19:16:37","guid":{"rendered":"https:\/\/www.aluglasstechnik.ro\/project\/barbu-vacarescu-office\/"},"modified":"2025-09-10T22:16:43","modified_gmt":"2025-09-10T19:16:43","slug":"barbu-vacarescu-office","status":"publish","type":"project","link":"https:\/\/www.aluglasstechnik.ro\/en\/project\/barbu-vacarescu-office\/","title":{"rendered":"Barbu Vacarescu Office"},"content":{"rendered":"<p>[et_pb_section fb_built=&#8221;1&#8243; fullwidth=&#8221;on&#8221; _builder_version=&#8221;4.27.4&#8243; background_color=&#8221;rgba(0,0,0,0.5)&#8221; background_image=&#8221;https:\/\/www.aluglasstechnik.ro\/wp-content\/uploads\/2017\/07\/02-Alu-Glass-Technik-Barbu-Vacarescu-Office-Bucuresti-Terasa.jpg&#8221; background_blend=&#8221;multiply&#8221; custom_margin=&#8221;-200px||||false|false&#8221; custom_padding=&#8221;300px||200px||false|false&#8221; hover_enabled=&#8221;0&#8243; global_colors_info=&#8221;{}&#8221; theme_builder_area=&#8221;post_content&#8221; title_text=&#8221;02-Alu-Glass-Technik-Barbu-Vacarescu-Office-Bucuresti-Terasa&#8221; sticky_enabled=&#8221;0&#8243;][et_pb_fullwidth_header title=&#8221; The Art of Fa\u00e7ades \/ Arta fa\u021badelor&#8221; text_orientation=&#8221;center&#8221; button_one_text=&#8221;PORTOFOLIO&#8221; button_one_url=&#8221;@ET-DC@eyJkeW5hbWljIjp0cnVlLCJjb250ZW50IjoicG9zdF9saW5rX3VybF9wYWdlIiwic2V0dGluZ3MiOnsicG9zdF9pZCI6IjUwIn19@&#8221; background_overlay_color=&#8221;RGBA(255,255,255,0)&#8221; _builder_version=&#8221;4.27.4&#8243; _dynamic_attributes=&#8221;button_one_url&#8221; title_font=&#8221;|on|||&#8221; title_font_size=&#8221;40px&#8221; background_enable_color=&#8221;off&#8221; custom_button_one=&#8221;on&#8221; button_one_text_size=&#8221;15&#8243; button_one_icon=&#8221;&#x23;||divi||400&#8243; button_one_icon_placement=&#8221;left&#8221; global_colors_info=&#8221;{}&#8221; button_one_text_size__hover_enabled=&#8221;off&#8221; button_two_text_size__hover_enabled=&#8221;off&#8221; button_one_text_color__hover_enabled=&#8221;off&#8221; button_two_text_color__hover_enabled=&#8221;off&#8221; button_one_border_width__hover_enabled=&#8221;off&#8221; button_two_border_width__hover_enabled=&#8221;off&#8221; button_one_border_color__hover_enabled=&#8221;off&#8221; button_two_border_color__hover_enabled=&#8221;off&#8221; button_one_border_radius__hover_enabled=&#8221;off&#8221; button_two_border_radius__hover_enabled=&#8221;off&#8221; button_one_letter_spacing__hover_enabled=&#8221;off&#8221; button_two_letter_spacing__hover_enabled=&#8221;off&#8221; button_one_bg_color__hover_enabled=&#8221;off&#8221; button_two_bg_color__hover_enabled=&#8221;off&#8221; theme_builder_area=&#8221;post_content&#8221;][\/et_pb_fullwidth_header][\/et_pb_section][et_pb_section fb_built=&#8221;1&#8243; admin_label=&#8221;section&#8221; _builder_version=&#8221;4.16&#8243; transparent_background=&#8221;off&#8221; global_colors_info=&#8221;{}&#8221; locked=&#8221;off&#8221; theme_builder_area=&#8221;post_content&#8221;][et_pb_row admin_label=&#8221;row&#8221; _builder_version=&#8221;4.16&#8243; background_size=&#8221;initial&#8221; background_position=&#8221;top_left&#8221; background_repeat=&#8221;repeat&#8221; global_colors_info=&#8221;{}&#8221; column_structure=&#8221;1_2,1_2&#8243; theme_builder_area=&#8221;post_content&#8221;][et_pb_column type=&#8221;1_2&#8243; _builder_version=&#8221;4.16&#8243; custom_padding=&#8221;|||&#8221; global_colors_info=&#8221;{}&#8221; custom_padding__hover=&#8221;|||&#8221; theme_builder_area=&#8221;post_content&#8221;][et_pb_text _builder_version=&#8221;4.16&#8243; header_font=&#8221;|800|||||||&#8221; background_size=&#8221;initial&#8221; background_position=&#8221;top_left&#8221; background_repeat=&#8221;repeat&#8221; text_orientation=&#8221;center&#8221; module_alignment=&#8221;center&#8221; border_style=&#8221;solid&#8221; global_colors_info=&#8221;{}&#8221; theme_builder_area=&#8221;post_content&#8221;]<\/p>\n<div class=\"et_pb_module et_pb_text et_pb_text_0  et_pb_text_align_center et_pb_bg_layout_light\">\n<div class=\"et_pb_text_inner\">\n<h1>BARBU V\u0102C\u0102RESCU OFFICE<\/h1>\n<\/div>\n<p><\/div>\n<p>[\/et_pb_text][et_pb_text _builder_version=&#8221;4.16&#8243; global_colors_info=&#8221;{}&#8221; theme_builder_area=&#8221;post_content&#8221;]<\/p>\n<div class=\"et_pb_module et_pb_text et_pb_text_1  et_pb_text_align_left et_pb_bg_layout_light\">\n<div class=\"et_pb_text_inner\">\n<p>Unique features:<\/p>\n<p>For the structural curtain walls, located on the sides of the building, we used the Sch\u00fcco system, the shape being obtained by joining them on two axes.<\/p>\n<p>The structural, curved curtain wall at the front of the building (Sch\u00fcco system).<\/p>\n<p>Mai multe despre proiect \u00een revista ImpulsMore about the project in Impulse magazine\u00a0nr. 12\/ 2013 (Alukoenigstahl Rom\u00e2nia). \u2013 <a href=\"http:\/\/issuu.com\/alukonigstahl\/docs\/impuls_12?e=19403028\/48267215\" target=\"_blank\" rel=\"noopener noreferrer\">LINK\u00a0<\/a><\/p>\n<\/div>\n<p><\/div>\n<p><\/p>\n<p>&nbsp;<\/p>\n<p>[\/et_pb_text][\/et_pb_column][et_pb_column type=&#8221;1_2&#8243; _builder_version=&#8221;4.16&#8243; custom_padding=&#8221;|||&#8221; global_colors_info=&#8221;{}&#8221; custom_padding__hover=&#8221;|||&#8221; theme_builder_area=&#8221;post_content&#8221;][et_pb_text _builder_version=&#8221;4.16&#8243; global_colors_info=&#8221;{}&#8221; theme_builder_area=&#8221;post_content&#8221;]<\/p>\n<h3><strong>About the project:<\/strong><\/h3>\n<p><\/p>\n<p>Office building \u2013 curtain walls, louvers, thermal insulating joinery, bond composite panels cladding.<\/p>\n<p><\/p>\n<h3><strong>Our contribution<\/strong><strong>:<\/strong><\/h3>\n<p><\/p>\n<p>Engineering design, Technical consulting, Technical support<\/p>\n<p><\/p>\n<h3><strong>Architect<\/strong>:<\/h3>\n<p><\/p>\n<p><a href=\"http:\/\/www.designunit.ro\/\"><b>S.C. Design Unit <\/b><b>S.R.L.<\/b><\/a><\/p>\n<p>[\/et_pb_text][\/et_pb_column][\/et_pb_row][et_pb_row admin_label=&#8221;row&#8221; _builder_version=&#8221;4.16&#8243; background_size=&#8221;initial&#8221; background_position=&#8221;top_left&#8221; background_repeat=&#8221;repeat&#8221; global_colors_info=&#8221;{}&#8221; theme_builder_area=&#8221;post_content&#8221;][et_pb_column type=&#8221;4_4&#8243; _builder_version=&#8221;4.16&#8243; custom_padding=&#8221;|||&#8221; global_colors_info=&#8221;{}&#8221; custom_padding__hover=&#8221;|||&#8221; theme_builder_area=&#8221;post_content&#8221;][et_pb_text _builder_version=&#8221;4.16&#8243; background_size=&#8221;initial&#8221; background_position=&#8221;top_left&#8221; background_repeat=&#8221;repeat&#8221; text_orientation=&#8221;center&#8221; module_alignment=&#8221;center&#8221; border_style=&#8221;solid&#8221; global_colors_info=&#8221;{}&#8221; theme_builder_area=&#8221;post_content&#8221;]<\/p>\n<div class=\"et_pb_row et_pb_row_1\">\n<div class=\"et_pb_column et_pb_column_4_4 et_pb_column_2  et_pb_css_mix_blend_mode_passthrough et-last-child\">\n<div class=\"et_pb_module et_pb_text et_pb_text_3  et_pb_text_align_center et_pb_bg_layout_light\">\n<div class=\"et_pb_text_inner\">\n<h1><strong>PHOTO GALLERY<\/strong><\/h1>\n<\/div>\n<p><\/div>\n<p><\/div>\n<p><\/div>\n<p>[\/et_pb_text][\/et_pb_column][\/et_pb_row][et_pb_row _builder_version=&#8221;4.16&#8243; module_alignment=&#8221;center&#8221; global_colors_info=&#8221;{}&#8221; theme_builder_area=&#8221;post_content&#8221;][et_pb_column type=&#8221;4_4&#8243; _builder_version=&#8221;4.16&#8243; background_position=&#8221;top_left&#8221; custom_padding=&#8221;|||&#8221; global_colors_info=&#8221;{}&#8221; custom_padding__hover=&#8221;|||&#8221; theme_builder_area=&#8221;post_content&#8221;][et_pb_gallery gallery_ids=&#8221;31748,31755,31759,31760,31763,31764,31768,31742,31744,31746&#8243; posts_number=&#8221;8&#8243; show_title_and_caption=&#8221;off&#8221; zoom_icon_color=&#8221;#ffffff&#8221; hover_overlay_color=&#8221;rgba(255,255,255,0.5)&#8221; _builder_version=&#8221;4.16&#8243; db_images_per_row=&#8221;4&#8243; db_image_max_width_tablet=&#8221;51&#8243; db_image_max_height_tablet=&#8221;501&#8243; db_image_row_spacing_tablet=&#8221;51&#8243; db_image_center_titles=&#8221;center&#8221; db_image_object_fit=&#8221;initial&#8221; dbdb_version=&#8221;4.10&#8243; border_style=&#8221;solid&#8221; global_colors_info=&#8221;{}&#8221; theme_builder_area=&#8221;post_content&#8221;][\/et_pb_gallery][\/et_pb_column][\/et_pb_row][\/et_pb_section]<\/p>\n","protected":false},"excerpt":{"rendered":"<p>BARBU V\u0102C\u0102RESCU OFFICE Unique features: For the structural curtain walls, located on the sides of the building, we used the Sch\u00fcco system, the shape being obtained by joining them on two axes. The structural, curved curtain wall at the front of the building (Sch\u00fcco system). Mai multe despre proiect \u00een revista ImpulsMore about the project [&hellip;]<\/p>\n","protected":false},"author":2,"featured_media":31759,"comment_status":"open","ping_status":"closed","template":"","meta":{"_et_pb_use_builder":"on","_et_pb_old_content":"","_et_gb_content_width":"","footnotes":""},"project_category":[59,45],"project_tag":[],"class_list":["post-34947","project","type-project","status-publish","has-post-thumbnail","hentry","project_category-office-buildings","project_category-2011-en"],"yoast_head":"<!-- This site is optimized with the Yoast SEO Premium plugin v18.5 (Yoast SEO v27.0) - https:\/\/yoast.com\/product\/yoast-seo-premium-wordpress\/ -->\n<title>Barbu Vacarescu Office | Alu Glass Technik<\/title>\n<meta name=\"robots\" content=\"index, follow, max-snippet:-1, max-image-preview:large, max-video-preview:-1\" \/>\n<link rel=\"canonical\" href=\"https:\/\/www.aluglasstechnik.ro\/project\/barbu-vacarescu-office\/\" \/>\n<meta property=\"og:locale\" content=\"en_US\" \/>\n<meta property=\"og:type\" content=\"article\" \/>\n<meta property=\"og:title\" content=\"Barbu Vacarescu Office\" \/>\n<meta property=\"og:description\" content=\"BARBU V\u0102C\u0102RESCU OFFICE Unique features: For the structural curtain walls, located on the sides of the building, we used the Sch\u00fcco system, the shape being obtained by joining them on two axes. The structural, curved curtain wall at the front of the building (Sch\u00fcco system). Mai multe despre proiect \u00een revista ImpulsMore about the project [&hellip;]\" \/>\n<meta property=\"og:url\" content=\"https:\/\/www.aluglasstechnik.ro\/project\/barbu-vacarescu-office\/\" \/>\n<meta property=\"og:site_name\" content=\"Alu Glass Technik\" \/>\n<meta property=\"article:modified_time\" content=\"2025-09-10T19:16:43+00:00\" \/>\n<meta property=\"og:image\" content=\"https:\/\/www.aluglasstechnik.ro\/wp-content\/uploads\/2017\/07\/03-Alu-Glass-Technik-Barbu-Vacarescu-Office-Bucuresti-Vedere-Exterioara.jpg\" \/>\n\t<meta property=\"og:image:width\" content=\"520\" \/>\n\t<meta property=\"og:image:height\" content=\"400\" \/>\n\t<meta property=\"og:image:type\" content=\"image\/jpeg\" \/>\n<meta name=\"twitter:card\" content=\"summary_large_image\" \/>\n<meta name=\"twitter:label1\" content=\"Est. reading time\" \/>\n\t<meta name=\"twitter:data1\" content=\"4 minutes\" \/>\n<script type=\"application\/ld+json\" class=\"yoast-schema-graph\">{\"@context\":\"https:\/\/schema.org\",\"@graph\":[{\"@type\":\"WebPage\",\"@id\":\"https:\/\/www.aluglasstechnik.ro\/project\/barbu-vacarescu-office\/\",\"url\":\"https:\/\/www.aluglasstechnik.ro\/project\/barbu-vacarescu-office\/\",\"name\":\"Barbu Vacarescu Office | Alu Glass Technik\",\"isPartOf\":{\"@id\":\"https:\/\/www.aluglasstechnik.ro\/#website\"},\"primaryImageOfPage\":{\"@id\":\"https:\/\/www.aluglasstechnik.ro\/project\/barbu-vacarescu-office\/#primaryimage\"},\"image\":{\"@id\":\"https:\/\/www.aluglasstechnik.ro\/project\/barbu-vacarescu-office\/#primaryimage\"},\"thumbnailUrl\":\"https:\/\/www.aluglasstechnik.ro\/wp-content\/uploads\/2017\/07\/03-Alu-Glass-Technik-Barbu-Vacarescu-Office-Bucuresti-Vedere-Exterioara.jpg\",\"datePublished\":\"2025-09-10T19:16:37+00:00\",\"dateModified\":\"2025-09-10T19:16:43+00:00\",\"breadcrumb\":{\"@id\":\"https:\/\/www.aluglasstechnik.ro\/project\/barbu-vacarescu-office\/#breadcrumb\"},\"inLanguage\":\"en-US\",\"potentialAction\":[{\"@type\":\"ReadAction\",\"target\":[\"https:\/\/www.aluglasstechnik.ro\/project\/barbu-vacarescu-office\/\"]}]},{\"@type\":\"ImageObject\",\"inLanguage\":\"en-US\",\"@id\":\"https:\/\/www.aluglasstechnik.ro\/project\/barbu-vacarescu-office\/#primaryimage\",\"url\":\"https:\/\/www.aluglasstechnik.ro\/wp-content\/uploads\/2017\/07\/03-Alu-Glass-Technik-Barbu-Vacarescu-Office-Bucuresti-Vedere-Exterioara.jpg\",\"contentUrl\":\"https:\/\/www.aluglasstechnik.ro\/wp-content\/uploads\/2017\/07\/03-Alu-Glass-Technik-Barbu-Vacarescu-Office-Bucuresti-Vedere-Exterioara.jpg\",\"width\":520,\"height\":400},{\"@type\":\"BreadcrumbList\",\"@id\":\"https:\/\/www.aluglasstechnik.ro\/project\/barbu-vacarescu-office\/#breadcrumb\",\"itemListElement\":[{\"@type\":\"ListItem\",\"position\":1,\"name\":\"Home\",\"item\":\"https:\/\/www.aluglasstechnik.ro\/\"},{\"@type\":\"ListItem\",\"position\":2,\"name\":\"Proiecte\",\"item\":\"https:\/\/www.aluglasstechnik.ro\/project\/\"},{\"@type\":\"ListItem\",\"position\":3,\"name\":\"Barbu Vacarescu Office\"}]},{\"@type\":\"WebSite\",\"@id\":\"https:\/\/www.aluglasstechnik.ro\/#website\",\"url\":\"https:\/\/www.aluglasstechnik.ro\/\",\"name\":\"Alu Glass Technik\",\"description\":\"Proiectare fatade ventilate, pereti cortina si luminatoare\",\"publisher\":{\"@id\":\"https:\/\/www.aluglasstechnik.ro\/#organization\"},\"potentialAction\":[{\"@type\":\"SearchAction\",\"target\":{\"@type\":\"EntryPoint\",\"urlTemplate\":\"https:\/\/www.aluglasstechnik.ro\/?s={search_term_string}\"},\"query-input\":{\"@type\":\"PropertyValueSpecification\",\"valueRequired\":true,\"valueName\":\"search_term_string\"}}],\"inLanguage\":\"en-US\"},{\"@type\":\"Organization\",\"@id\":\"https:\/\/www.aluglasstechnik.ro\/#organization\",\"name\":\"Alu Glass Technik - Proiectare fatade ventilate, pereti cortina, luminatoare\",\"url\":\"https:\/\/www.aluglasstechnik.ro\/\",\"logo\":{\"@type\":\"ImageObject\",\"inLanguage\":\"en-US\",\"@id\":\"https:\/\/www.aluglasstechnik.ro\/#\/schema\/logo\/image\/\",\"url\":\"https:\/\/www.aluglasstechnik.ro\/wp-content\/uploads\/2021\/01\/aluglasstechnik_logo_2021_greywide.png\",\"contentUrl\":\"https:\/\/www.aluglasstechnik.ro\/wp-content\/uploads\/2021\/01\/aluglasstechnik_logo_2021_greywide.png\",\"width\":1000,\"height\":529,\"caption\":\"Alu Glass Technik - Proiectare fatade ventilate, pereti cortina, luminatoare\"},\"image\":{\"@id\":\"https:\/\/www.aluglasstechnik.ro\/#\/schema\/logo\/image\/\"}}]}<\/script>\n<!-- \/ Yoast SEO Premium plugin. -->","yoast_head_json":{"title":"Barbu Vacarescu Office | Alu Glass Technik","robots":{"index":"index","follow":"follow","max-snippet":"max-snippet:-1","max-image-preview":"max-image-preview:large","max-video-preview":"max-video-preview:-1"},"canonical":"https:\/\/www.aluglasstechnik.ro\/project\/barbu-vacarescu-office\/","og_locale":"en_US","og_type":"article","og_title":"Barbu Vacarescu Office","og_description":"BARBU V\u0102C\u0102RESCU OFFICE Unique features: For the structural curtain walls, located on the sides of the building, we used the Sch\u00fcco system, the shape being obtained by joining them on two axes. The structural, curved curtain wall at the front of the building (Sch\u00fcco system). Mai multe despre proiect \u00een revista ImpulsMore about the project [&hellip;]","og_url":"https:\/\/www.aluglasstechnik.ro\/project\/barbu-vacarescu-office\/","og_site_name":"Alu Glass Technik","article_modified_time":"2025-09-10T19:16:43+00:00","og_image":[{"width":520,"height":400,"url":"https:\/\/www.aluglasstechnik.ro\/wp-content\/uploads\/2017\/07\/03-Alu-Glass-Technik-Barbu-Vacarescu-Office-Bucuresti-Vedere-Exterioara.jpg","type":"image\/jpeg"}],"twitter_card":"summary_large_image","twitter_misc":{"Est. reading time":"4 minutes"},"schema":{"@context":"https:\/\/schema.org","@graph":[{"@type":"WebPage","@id":"https:\/\/www.aluglasstechnik.ro\/project\/barbu-vacarescu-office\/","url":"https:\/\/www.aluglasstechnik.ro\/project\/barbu-vacarescu-office\/","name":"Barbu Vacarescu Office | Alu Glass Technik","isPartOf":{"@id":"https:\/\/www.aluglasstechnik.ro\/#website"},"primaryImageOfPage":{"@id":"https:\/\/www.aluglasstechnik.ro\/project\/barbu-vacarescu-office\/#primaryimage"},"image":{"@id":"https:\/\/www.aluglasstechnik.ro\/project\/barbu-vacarescu-office\/#primaryimage"},"thumbnailUrl":"https:\/\/www.aluglasstechnik.ro\/wp-content\/uploads\/2017\/07\/03-Alu-Glass-Technik-Barbu-Vacarescu-Office-Bucuresti-Vedere-Exterioara.jpg","datePublished":"2025-09-10T19:16:37+00:00","dateModified":"2025-09-10T19:16:43+00:00","breadcrumb":{"@id":"https:\/\/www.aluglasstechnik.ro\/project\/barbu-vacarescu-office\/#breadcrumb"},"inLanguage":"en-US","potentialAction":[{"@type":"ReadAction","target":["https:\/\/www.aluglasstechnik.ro\/project\/barbu-vacarescu-office\/"]}]},{"@type":"ImageObject","inLanguage":"en-US","@id":"https:\/\/www.aluglasstechnik.ro\/project\/barbu-vacarescu-office\/#primaryimage","url":"https:\/\/www.aluglasstechnik.ro\/wp-content\/uploads\/2017\/07\/03-Alu-Glass-Technik-Barbu-Vacarescu-Office-Bucuresti-Vedere-Exterioara.jpg","contentUrl":"https:\/\/www.aluglasstechnik.ro\/wp-content\/uploads\/2017\/07\/03-Alu-Glass-Technik-Barbu-Vacarescu-Office-Bucuresti-Vedere-Exterioara.jpg","width":520,"height":400},{"@type":"BreadcrumbList","@id":"https:\/\/www.aluglasstechnik.ro\/project\/barbu-vacarescu-office\/#breadcrumb","itemListElement":[{"@type":"ListItem","position":1,"name":"Home","item":"https:\/\/www.aluglasstechnik.ro\/"},{"@type":"ListItem","position":2,"name":"Proiecte","item":"https:\/\/www.aluglasstechnik.ro\/project\/"},{"@type":"ListItem","position":3,"name":"Barbu Vacarescu Office"}]},{"@type":"WebSite","@id":"https:\/\/www.aluglasstechnik.ro\/#website","url":"https:\/\/www.aluglasstechnik.ro\/","name":"Alu Glass Technik","description":"Proiectare fatade ventilate, pereti cortina si luminatoare","publisher":{"@id":"https:\/\/www.aluglasstechnik.ro\/#organization"},"potentialAction":[{"@type":"SearchAction","target":{"@type":"EntryPoint","urlTemplate":"https:\/\/www.aluglasstechnik.ro\/?s={search_term_string}"},"query-input":{"@type":"PropertyValueSpecification","valueRequired":true,"valueName":"search_term_string"}}],"inLanguage":"en-US"},{"@type":"Organization","@id":"https:\/\/www.aluglasstechnik.ro\/#organization","name":"Alu Glass Technik - Proiectare fatade ventilate, pereti cortina, luminatoare","url":"https:\/\/www.aluglasstechnik.ro\/","logo":{"@type":"ImageObject","inLanguage":"en-US","@id":"https:\/\/www.aluglasstechnik.ro\/#\/schema\/logo\/image\/","url":"https:\/\/www.aluglasstechnik.ro\/wp-content\/uploads\/2021\/01\/aluglasstechnik_logo_2021_greywide.png","contentUrl":"https:\/\/www.aluglasstechnik.ro\/wp-content\/uploads\/2021\/01\/aluglasstechnik_logo_2021_greywide.png","width":1000,"height":529,"caption":"Alu Glass Technik - Proiectare fatade ventilate, pereti cortina, luminatoare"},"image":{"@id":"https:\/\/www.aluglasstechnik.ro\/#\/schema\/logo\/image\/"}}]}},"_links":{"self":[{"href":"https:\/\/www.aluglasstechnik.ro\/en\/wp-json\/wp\/v2\/project\/34947","targetHints":{"allow":["GET"]}}],"collection":[{"href":"https:\/\/www.aluglasstechnik.ro\/en\/wp-json\/wp\/v2\/project"}],"about":[{"href":"https:\/\/www.aluglasstechnik.ro\/en\/wp-json\/wp\/v2\/types\/project"}],"author":[{"embeddable":true,"href":"https:\/\/www.aluglasstechnik.ro\/en\/wp-json\/wp\/v2\/users\/2"}],"replies":[{"embeddable":true,"href":"https:\/\/www.aluglasstechnik.ro\/en\/wp-json\/wp\/v2\/comments?post=34947"}],"version-history":[{"count":0,"href":"https:\/\/www.aluglasstechnik.ro\/en\/wp-json\/wp\/v2\/project\/34947\/revisions"}],"wp:featuredmedia":[{"embeddable":true,"href":"https:\/\/www.aluglasstechnik.ro\/en\/wp-json\/wp\/v2\/media\/31759"}],"wp:attachment":[{"href":"https:\/\/www.aluglasstechnik.ro\/en\/wp-json\/wp\/v2\/media?parent=34947"}],"wp:term":[{"taxonomy":"project_category","embeddable":true,"href":"https:\/\/www.aluglasstechnik.ro\/en\/wp-json\/wp\/v2\/project_category?post=34947"},{"taxonomy":"project_tag","embeddable":true,"href":"https:\/\/www.aluglasstechnik.ro\/en\/wp-json\/wp\/v2\/project_tag?post=34947"}],"curies":[{"name":"wp","href":"https:\/\/api.w.org\/{rel}","templated":true}]}}